{"id":59,"date":"2023-07-04T23:28:10","date_gmt":"2023-07-04T23:28:10","guid":{"rendered":"https:\/\/vorabend.ch\/?page_id=59"},"modified":"2026-06-30T22:38:29","modified_gmt":"2026-06-30T22:38:29","slug":"sicherheit","status":"publish","type":"page","link":"https:\/\/vorabend.ch\/?page_id=59","title":{"rendered":"FAQ und Sicherheit"},"content":{"rendered":"<div id=\"Infos\" class=\"uk-section-default uk-section\">\n<div class=\"uk-container uk-container-small\">\n<div class=\"uk-grid tm-grid-expand uk-child-width-1-1 uk-grid-margin\">\n<div class=\"uk-width-1-1\">\n<div class=\"uk-panel uk-text-lead uk-margin\">\n<p>Die Sicherheit unserer Besucherinnen und Besucher liegt uns am Herzen.<\/p>\n<\/div>\n<\/div>\n<\/div>\n<div class=\"uk-grid tm-grid-expand uk-child-width-1-1 uk-grid-margin\">\n<div class=\"uk-width-1-1\">\n<hr \/>\n<\/div>\n<\/div>\n<div class=\"uk-grid tm-grid-expand uk-grid-margin\">\n<div class=\"uk-width-1-3@m uk-first-column\">\n<h2 class=\"uk-h3\">Notfallnummern<\/h2>\n<\/div>\n<div class=\"uk-width-2-3@m\">\n<div class=\"uk-panel uk-margin\">\n<p>Polizei\u00a0\u00a0\u00a0\u00a0 117<br \/>\nSanit\u00e4t\u00a0\u00a0\u00a0 144<\/p>\n<h4>Fest-Hotline<\/h4>\n<p>W\u00e4hrend dem Maienzug-Vorabend steht f\u00fcr Anwohner, Barbetreiber und Besucher eine Infohotline zur Verf\u00fcgung.<br \/>\nDie Betriebszeiten sind vom Donnerstag, 03. Juli 2025 von 14:00 Uhr bis Freitag, 04. Juli 2025 03:00 Uhr<br \/>\nTelefon 058 508 10 30<\/p>\n<p>&nbsp;<\/p>\n<\/div>\n<div class=\"uk-grid tm-grid-expand uk-child-width-1-1 uk-grid-margin\">\n<div class=\"uk-width-1-1\">\n<hr \/>\n<\/div>\n<\/div>\n<div class=\"uk-grid tm-grid-expand uk-grid-margin\">\n<div class=\"uk-width-1-3@m uk-first-column\">\n<h2 class=\"uk-h3\">An- und Abreise<\/h2>\n<\/div>\n<div class=\"uk-width-2-3@m\">\n<div class=\"uk-panel uk-margin\">\n<p>Auf Grund der beschr\u00e4nkten Parkplatzsituation um den Festperimeter bitten wir alle Besucher m\u00f6glichst zu Fuss oder mit den \u00f6ffentlichen Verkehrsmitteln zu kommen. Nutz Fahrgemeinschaften (z.B. hitchhike.ch) um die vorhandenen Parkpl\u00e4tze m\u00f6glichst optimal auszunutzen.<\/p>\n<p>Fahrr\u00e4der bitte ausserhalb des Festperimeters in den Fahrradst\u00e4ndern deponieren. Zus\u00e4tzlich Fahrradst\u00e4nder sind z.B. im Bereich der Schachenhalle bereitgestellt.<\/p>\n<\/div>\n<\/div>\n<\/div>\n<\/div>\n<\/div>\n<\/div>\n<\/div>\n<p>&nbsp;<\/p>\n<div id=\"Infos\" class=\"uk-section-default uk-section\">\n<div class=\"uk-container uk-container-small\">\n<div class=\"uk-grid tm-grid-expand uk-child-width-1-1 uk-grid-margin\">\n<div class=\"uk-width-1-1\">\n<hr \/>\n<\/div>\n<\/div>\n<div class=\"uk-grid tm-grid-expand uk-grid-margin\">\n<div class=\"uk-width-1-3@m uk-first-column\">\n<h2 class=\"uk-h3\">Sanit\u00e4tsposten<\/h2>\n<\/div>\n<div class=\"uk-width-2-3@m\">\n<div class=\"uk-panel uk-margin\">\n<p>W\u00e4hrend dem Maienzug-Vorabend steht ein professioneller Sanit\u00e4tsdienst im Einsatz. Beachten Sie die Beschilderung.<\/p>\n<p>Dazu werden 2 Sanit\u00e4tsposten betrieben:<\/p>\n<ul>\n<li>RATHAUS &#8211; Rathausgasse, Aarau<\/li>\n<li>ROSCHTIGE HUND &#8211; Ziegelrain, Aarau<\/li>\n<\/ul>\n<\/div>\n<\/div>\n<\/div>\n<div class=\"uk-grid tm-grid-expand uk-child-width-1-1 uk-grid-margin\">\n<div class=\"uk-width-1-1\">\n<hr \/>\n<\/div>\n<\/div>\n<div class=\"uk-grid tm-grid-expand uk-grid-margin\">\n<div class=\"uk-width-1-3@m uk-first-column\">\n<h2 class=\"uk-h3\">Situationsplan<\/h2>\n<div class=\"uk-panel uk-margin\">\n<p>Das Festgel\u00e4nde umfasst den gr\u00fcnen Bereich. Die Sanit\u00e4tsposten \/ Musikquellen sind darauf hervorgehoben. Beim klicken auf die Karte kommt man zur interaktiven Googlemapskarte. In der Altstadt gilt ein Einbahn-Regime gegen den Uhrzeigersinn. Dies ist f\u00fcr Ihre Sicherheit und hilft den Personenfluss zu steuern.<\/p>\n<\/div>\n<p>&nbsp;<\/p>\n<\/div>\n<div class=\"uk-width-2-3@m\">\n<div class=\"uk-margin\"><picture><source srcset=\"\/templates\/yootheme\/cache\/6f\/Sicherheit-2023-6fff6726.webp 768w, \/templates\/yootheme\/cache\/bf\/Sicherheit-2023-bfb7326e.webp 1024w, \/templates\/yootheme\/cache\/43\/Sicherheit-2023-438a01a8.webp 1366w, \/templates\/yootheme\/cache\/59\/Sicherheit-2023-59c3935b.webp 1600w, \/templates\/yootheme\/cache\/81\/Sicherheit-2023-815ed333.webp 1801w, \/templates\/yootheme\/cache\/12\/Sicherheit-2023-12b63389.webp 1802w\" type=\"image\/webp\" sizes=\"(min-width: 1802px) 1802px\" \/><\/picture><\/div>\n<\/div>\n<\/div>\n<\/div>\n<\/div>\n<div><a href=\"https:\/\/www.google.com\/maps\/d\/edit?mid=1EgVVIXvMAQMng18fc1yQ7xmaGvuAoC0&amp;usp=sharing\"><img loading=\"lazy\" decoding=\"async\" class=\"alignnone wp-image-162\" src=\"https:\/\/vorabend.ch\/wp-content\/uploads\/2025\/06\/Karte-Maienzug-2025-Webseite-mit-Symbolen.jpg\" alt=\"Karte Festperimeter Maienzug Aarau 2025\" width=\"1185\" height=\"1473\" srcset=\"https:\/\/vorabend.ch\/wp-content\/uploads\/2025\/06\/Karte-Maienzug-2025-Webseite-mit-Symbolen.jpg 637w, https:\/\/vorabend.ch\/wp-content\/uploads\/2025\/06\/Karte-Maienzug-2025-Webseite-mit-Symbolen-241x300.jpg 241w\" sizes=\"auto, (max-width: 1185px) 100vw, 1185px\" \/><\/a><\/div>\n<div><\/div>\n<div id=\"Infos\" class=\"uk-section-default uk-section\">\n<div class=\"uk-container uk-container-small\">\n<div class=\"uk-grid tm-grid-expand uk-child-width-1-1 uk-grid-margin\">\n<div class=\"uk-width-1-1\">\n<hr \/>\n<\/div>\n<\/div>\n<div class=\"uk-grid tm-grid-expand uk-grid-margin\">\n<div class=\"uk-width-1-3@m uk-first-column\">\n<h2 class=\"uk-h3\">Sicherheitsdienst<\/h2>\n<\/div>\n<div class=\"uk-width-2-3@m\">\n<div class=\"uk-panel uk-margin\">\n<p>W\u00e4hrend dem Maienzug-Vorabend ist neben der Polizei, ein privater Sicherheitsdienst der Firma <a href=\"http:\/\/www.special-protect.com\">Special Protect AG<\/a> auf dem Platz. Habt ihr ein Problem oder braucht ihr Hilfe, wendet euch an die Mitarbeitenden des Sicherheitsdienst. Den Weisungen des Sicherheitspersonals ist Folge zu leisten.<\/p>\n<\/div>\n<\/div>\n<\/div>\n<div class=\"uk-grid tm-grid-expand uk-child-width-1-1 uk-grid-margin\">\n<div class=\"uk-width-1-1\">\n<hr \/>\n<\/div>\n<\/div>\n<div class=\"uk-grid tm-grid-expand uk-grid-margin\">\n<div class=\"uk-width-1-3@m uk-first-column\">\n<h2 class=\"uk-h3\">Verhalten im Notfall<\/h2>\n<\/div>\n<div class=\"uk-width-2-3@m\">\n<div class=\"uk-panel uk-margin\">\n<p>Beachte stets die Durchsagen der Speaker*innen, die offiziellen Durchsagen und folgt den Anweisungen des Sicherheitspersonals. Bei einer Evakuation von Pl\u00e4tzen oder Gassen begebt euch bitte in sichere Zonen, wie Parkh\u00e4user, Bahnhof etc.<\/p>\n<ul>\n<li>Folgt den Fahnen mit den Fluchtwegbezeichnungen<\/li>\n<li>Verbreitet die offiziellen Informationen \u2013 informiert eure Freund*innen<\/li>\n<li>Leistet wenn n\u00f6tig Hilfe und achte auf euren Eigenschutz<\/li>\n<\/ul>\n<\/div>\n<\/div>\n<\/div>\n<div class=\"uk-grid tm-grid-expand uk-child-width-1-1 uk-grid-margin\"><\/div>\n<div class=\"uk-grid tm-grid-expand uk-grid-margin\">\n<div class=\"uk-width-2-3@m\">\n<div class=\"uk-panel uk-margin\">\n<div class=\"uk-grid tm-grid-expand uk-child-width-1-1 uk-grid-margin\">\n<div class=\"uk-width-1-1\">\n<hr \/>\n<\/div>\n<\/div>\n<div class=\"uk-grid tm-grid-expand uk-grid-margin\">\n<div class=\"uk-width-1-3@m uk-first-column\">\n<h2 class=\"uk-h3\">Kind verloren, was nun?<\/h2>\n<\/div>\n<div class=\"uk-width-2-3@m\">\n<div class=\"uk-panel uk-margin\">\n<ul>\n<li>Verlieren Sie keine Zeit mit der eigenen Suche und orientieren Sie unverz\u00fcglich die Polizei \u00fcber den Notruf 117.<\/li>\n<li>\u00dcben Sie mit gr\u00f6sseren Kindern die eigene Adresse und Telefonnummer<\/li>\n<li>Schreiben Sie kleinern Kindern ihre Telefonnummer &amp; die Adresse auf den Arm oder auf ein Armband.<\/li>\n<li>Sagen Sie Ihren Kindern, wie sie sich im Notfall verhalten sollen (Sanit\u00e4tsposten aufsuchen und Polizei benachrichtigen lassen)<\/li>\n<li>Sprechen Sie mit gr\u00f6sseren Kindern einen Treffpunkt ab<\/li>\n<\/ul>\n<p><u>Nicht vergessen!<\/u><\/p>\n<p>Falls Sie Ihr Kind gefunden haben und die Polizei informiert wurde, melden Sie dies der Polizei zur\u00fcck, damit nicht eine unn\u00f6tige Suche gestartet wird.<\/p>\n<\/div>\n<\/div>\n<\/div>\n<div class=\"uk-grid tm-grid-expand uk-child-width-1-1 uk-grid-margin\">\n<div class=\"uk-width-1-1\">\n<hr \/>\n<\/div>\n<\/div>\n<div class=\"uk-grid tm-grid-expand uk-grid-margin\">\n<div class=\"uk-width-1-3@m uk-first-column\">\n<h2 class=\"uk-h3\">Sie haben ein Kind gefunden, wie weiter?<\/h2>\n<\/div>\n<div class=\"uk-width-2-3@m\">\n<div class=\"uk-panel uk-margin\">\n<ul>\n<li>Fragen Sie das Kind nach der Telefonnummer \/ Namen der Eltern<\/li>\n<li>Versuchen Sie die Eltern auf der Nummer zu erreichen. Falls nicht erreichbar:<\/li>\n<li>Orientieren Sie unverz\u00fcglich die Polizei Tel. 117 und warten Sie mit dem Kind am vereinbarten Treffpunkt. (n\u00e4chstgelegener Sanit\u00e4tsposten)<\/li>\n<\/ul>\n<div class=\"uk-grid tm-grid-expand uk-child-width-1-1 uk-grid-margin\">\n<div class=\"uk-width-1-1\">\n<hr \/>\n<\/div>\n<\/div>\n<div class=\"uk-grid tm-grid-expand uk-grid-margin\">\n<div class=\"uk-width-1-3@m uk-first-column\">\n<h2 class=\"uk-h3\">Jugendschutz<\/h2>\n<\/div>\n<div class=\"uk-width-2-3@m\">\n<div class=\"uk-panel uk-margin\">\n<p>Es wird kein Alkohol an Kinder und Jugendliche unter 16 Jahren verkauft oder ausgeschenkt. Bier und Wein werden nur an \u00fcber 16-J\u00e4hrige verkauft oder ausgeschenkt. Spirituosen, Aperitife und Alcopops werden nur an \u00fcber 18-J\u00e4hrige verkauft oder augeschenkt.<\/p>\n<\/div>\n<\/div>\n<\/div>\n<div class=\"uk-grid tm-grid-expand uk-child-width-1-1 uk-grid-margin\">\n<div class=\"uk-width-1-1\">\n<hr \/>\n<\/div>\n<\/div>\n<div class=\"uk-grid tm-grid-expand uk-grid-margin\">\n<div class=\"uk-width-1-3@m uk-first-column\">\n<h2 class=\"uk-h3\">Fundsachen<\/h2>\n<\/div>\n<div class=\"uk-width-2-3@m\">\n<div class=\"uk-panel uk-margin\">\n<p>Fundsachen werden nach dem Fest dem Fundb\u00fcro der Stadtpolizei Aarau weitergeleitet.<\/p>\n<p>Fundb\u00fcro Aarau<br \/>\nBahnhofstrasse 67<br \/>\n5000 Aarau<\/p>\n<\/div>\n<div class=\"uk-panel uk-margin\">Telefon 062 836 06 21<\/div>\n<div><\/div>\n<\/div>\n<\/div>\n<\/div>\n<\/div>\n<\/div>\n<\/div>\n<\/div>\n<\/div>\n<\/div>\n<\/div>\n<div class=\"uk-grid tm-grid-expand uk-child-width-1-1 uk-grid-margin\">\n<div class=\"uk-width-1-1\">\n<hr \/>\n<\/div>\n<\/div>\n<div class=\"uk-grid tm-grid-expand uk-grid-margin\">\n<div class=\"uk-width-1-3@m uk-first-column\">\n<h2 class=\"uk-h3\">Bitte nicht mitbringen<\/h2>\n<\/div>\n<ul>\n<li>Glas<\/li>\n<li>Drohnen<\/li>\n<li>Velos<\/li>\n<li>Kinderwagen<\/li>\n<li>jegliche Art von gef\u00e4hrliche Gegenst\u00e4nden<\/li>\n<li>SCHLECHTE LAUNE !<\/li>\n<\/ul>\n<div class=\"uk-grid tm-grid-expand uk-child-width-1-1 uk-grid-margin\">\n<div class=\"uk-width-1-1\">\n<hr \/>\n<\/div>\n<\/div>\n<div class=\"uk-grid tm-grid-expand uk-grid-margin\">\n<div class=\"uk-width-1-3@m uk-first-column\">\n<h2 class=\"uk-h3\">Bitte mitnehmen<\/h2>\n<\/div>\n<ul>\n<li>Pfandbecher (an den Sammelstellen abgeben &#8211; Pfandbecher ben\u00f6tigen keinen Chip)<\/li>\n<li>GUTE LAUNE<\/li>\n<\/ul>\n<div class=\"uk-grid tm-grid-expand uk-child-width-1-1 uk-grid-margin\">\n<div class=\"uk-width-1-1\">\n<hr \/>\n<\/div>\n<\/div>\n<div class=\"uk-grid tm-grid-expand uk-grid-margin\">\n<div class=\"uk-width-1-3@m uk-first-column\">\n<h2 class=\"uk-h3\">Verhalten bei unerwartetem Ereignis<\/h2>\n<\/div>\n<p>Bitte Versuchen Sie Ruhe zu bewahren. Nehmen Sie R\u00fccksicht und helfen Sie Schw\u00e4cheren und Menschen mit Handicap. Unser Sicherheitspersonal wird Sie \u00fcber das weitere Vorgehen informieren. Bitte folgen Sie unbedingt den Weisungen unseres <a href=\"http:\/\/www.special-protect.com\">Sicherheitsdienstes<\/a>.<\/p>\n<div class=\"uk-grid tm-grid-expand uk-child-width-1-1 uk-grid-margin\">\n<div class=\"uk-width-1-1\">\n<hr \/>\n<\/div>\n<\/div>\n<div class=\"uk-grid tm-grid-expand uk-grid-margin\">\n<div class=\"uk-width-1-3@m uk-first-column\">\n<h2 class=\"uk-h3\">Bei Auseinandersetzungen<\/h2>\n<\/div>\n<p>Zivilcourage zeigen. Sprechen Sie andere Besucher an und versuchen Sie gemeinsam den Streit zu schlichten. Wir stehen ein f\u00fcr ein friedliches und unvergessliches Fest! Werden Sie nicht selbst t\u00e4tlich. Melden Sie Vorf\u00e4lle dem Sicherheitspersonal oder an einer Bar.<\/p>\n<\/div>\n<div class=\"uk-grid tm-grid-expand uk-child-width-1-1 uk-grid-margin\">\n<div class=\"uk-width-1-1\">\n<hr \/>\n<\/div>\n<\/div>\n<div class=\"uk-grid tm-grid-expand uk-grid-margin\">\n<div class=\"uk-width-1-3@m uk-first-column\">\n<h2 class=\"uk-h3\">Geh\u00f6rschutz<\/h2>\n<\/div>\n<p>G\u00f6nnen Sie Ihrem Geh\u00f6r zwischendurch eine Pause. Halten Sie sich nicht direkt vor den Lautsprechern auf. Max. Stundenpegel 93 dB(A). Geh\u00f6rschutz erhalten sie an den \u201elauten\u201c Bars. Ausgleichsfl\u00e4che ohne Beschallung sind z.B. auf dem Kirchplatz oder im Kasino Garten.<\/p>\n<\/div>\n<div class=\"uk-grid tm-grid-expand uk-child-width-1-1 uk-grid-margin\">\n<div class=\"uk-width-1-1\">\n<hr \/>\n<\/div>\n<\/div>\n<div class=\"uk-grid tm-grid-expand uk-grid-margin\">\n<div class=\"uk-width-1-3@m uk-first-column\">\n<h2 class=\"uk-h3\">\u00dcberf\u00fcllung \/ Gedr\u00e4nge<\/h2>\n<\/div>\n<p>Es gilt in der Altstadt ein Einbahn-Regime im Gegenuhrzeigersinn und ein aktives Crowdmanagement\/ Crowdcontroll. Sollten Gassen \u00fcberf\u00fcllt sein (zu hohe Personendichte), werden wir Zug\u00e4nge sperren und umleiten, sowie die Personen aus dem entsprechenden Bereich nur noch hinauslassen \u2013 wir danken Ihnen f\u00fcr Ihr Verst\u00e4ndnis.<\/p>\n<\/div>\n<\/div>\n<p>&nbsp;<\/p>\n<div class=\"uk-grid tm-grid-expand uk-grid-margin\">\n<p>&nbsp;<\/p>\n<\/div>\n<p>&nbsp;<\/p>\n<\/div>\n<\/div>\n","protected":false},"excerpt":{"rendered":"<p>Die Sicherheit unserer Besucherinnen und Besucher liegt uns am Herzen. Notfallnummern Polizei\u00a0\u00a0\u00a0\u00a0 117 Sanit\u00e4t\u00a0\u00a0\u00a0 144 Fest-Hotline W\u00e4hrend dem Maienzug-Vorabend steht f\u00fcr Anwohner, Barbetreiber und Besucher eine Infohotline zur Verf\u00fcgung. Die Betriebszeiten sind vom Donnerstag, 03. Juli 2025 von 14:00 Uhr bis Freitag, 04. Juli 2025 03:00 Uhr Telefon 058 508 10 30 &nbsp; An- und [&hellip;]<\/p>\n","protected":false},"author":1,"featured_media":0,"parent":0,"menu_order":0,"comment_status":"closed","ping_status":"closed","template":"","meta":{"footnotes":""},"class_list":["post-59","page","type-page","status-publish","hentry"],"_links":{"self":[{"href":"https:\/\/vorabend.ch\/index.php?rest_route=\/wp\/v2\/pages\/59","targetHints":{"allow":["GET"]}}],"collection":[{"href":"https:\/\/vorabend.ch\/index.php?rest_route=\/wp\/v2\/pages"}],"about":[{"href":"https:\/\/vorabend.ch\/index.php?rest_route=\/wp\/v2\/types\/page"}],"author":[{"embeddable":true,"href":"https:\/\/vorabend.ch\/index.php?rest_route=\/wp\/v2\/users\/1"}],"replies":[{"embeddable":true,"href":"https:\/\/vorabend.ch\/index.php?rest_route=%2Fwp%2Fv2%2Fcomments&post=59"}],"version-history":[{"count":9,"href":"https:\/\/vorabend.ch\/index.php?rest_route=\/wp\/v2\/pages\/59\/revisions"}],"predecessor-version":[{"id":185,"href":"https:\/\/vorabend.ch\/index.php?rest_route=\/wp\/v2\/pages\/59\/revisions\/185"}],"wp:attachment":[{"href":"https:\/\/vorabend.ch\/index.php?rest_route=%2Fwp%2Fv2%2Fmedia&parent=59"}],"curies":[{"name":"wp","href":"https:\/\/api.w.org\/{rel}","templated":true}]}}